{"id":12230,"date":"2020-02-14T09:43:25","date_gmt":"2020-02-14T08:43:25","guid":{"rendered":"https:\/\/familienzentrum-bezirk-affoltern.ch\/?page_id=12230"},"modified":"2020-02-14T09:43:25","modified_gmt":"2020-02-14T08:43:25","slug":"kinderhueeti","status":"publish","type":"page","link":"https:\/\/recursing-nash.185-101-158-178.plesk.page\/index.php\/angebote\/kinderhueeti\/","title":{"rendered":"Kinderh\u00fceti"},"content":{"rendered":"<p>In unserer Spiel- und Spassh\u00fceti werden Kinder ab 3 Monaten bis ca. zum Schuleintritt stundenweise liebevoll betreut.<\/p>\n<p>Und nicht nur das &#8211; gemeinsam mit den engagierten Betreuerinnen der Kinderh\u00fceti werden saisonale Sachen gebastelt und angemalt, welche anschliessend auch noch zu Hause Freude bereiten.<\/p>\n<p>\t\t\t\t\t\t\t<a href=\"https:\/\/familienzentrum-bezirk-affoltern.ch\/wp-content\/uploads\/2023\/06\/Kinderhueeti-IMG_0322-scaled.jpg\" data-elementor-open-lightbox=\"yes\" data-elementor-lightbox-slideshow=\"4f913e3\" data-elementor-lightbox-description=\"Kinderh\u00fceti Familienzentrum Bezirk Affoltern \" data-e-action-hash=\"#elementor-action%3Aaction%3Dlightbox%26settings%3DeyJpZCI6MjU5MTUsInVybCI6Imh0dHBzOlwvXC9mYW1pbGllbnplbnRydW0tYmV6aXJrLWFmZm9sdGVybi5jaFwvd3AtY29udGVudFwvdXBsb2Fkc1wvMjAyM1wvMDZcL0tpbmRlcmh1ZWV0aS1JTUdfMDMyMi1zY2FsZWQuanBnIiwic2xpZGVzaG93IjoiNGY5MTNlMyJ9\"><br \/>\n\t\t\t\t\t\t\t\t\t\t\t\t\t\t<\/a><br \/>\n\t\t\t\t\t\t\t<a href=\"https:\/\/familienzentrum-bezirk-affoltern.ch\/wp-content\/uploads\/2019\/12\/Kinderh\u00fceti-2-scaled.jpg\" data-elementor-open-lightbox=\"yes\" data-elementor-lightbox-slideshow=\"4f913e3\" data-elementor-lightbox-description=\"Kinderh\u00fceti im Familienzentrum\" data-e-action-hash=\"#elementor-action%3Aaction%3Dlightbox%26settings%3DeyJpZCI6MTIwMTgsInVybCI6Imh0dHBzOlwvXC9mYW1pbGllbnplbnRydW0tYmV6aXJrLWFmZm9sdGVybi5jaFwvd3AtY29udGVudFwvdXBsb2Fkc1wvMjAxOVwvMTJcL0tpbmRlcmhcdTAwZmNldGktMi1zY2FsZWQuanBnIiwic2xpZGVzaG93IjoiNGY5MTNlMyJ9\"><br \/>\n\t\t\t\t\t\t\t\t\t\t\t\t\t\t<\/a><br \/>\n\t\t\t\t\t\t\t<a href=\"https:\/\/familienzentrum-bezirk-affoltern.ch\/wp-content\/uploads\/2018\/12\/2017Kinderhuueti.jpg\" data-elementor-open-lightbox=\"yes\" data-elementor-lightbox-slideshow=\"4f913e3\" data-elementor-lightbox-description=\"Kinderh\u00fceti Familienzentrum Bezirk Affoltern\" data-e-action-hash=\"#elementor-action%3Aaction%3Dlightbox%26settings%3DeyJpZCI6MTAxNzEsInVybCI6Imh0dHBzOlwvXC9mYW1pbGllbnplbnRydW0tYmV6aXJrLWFmZm9sdGVybi5jaFwvd3AtY29udGVudFwvdXBsb2Fkc1wvMjAxOFwvMTJcLzIwMTdLaW5kZXJodXVldGkuanBnIiwic2xpZGVzaG93IjoiNGY5MTNlMyJ9\"><br \/>\n\t\t\t\t\t\t\t\t\t\t\t\t\t\t<\/a><br \/>\n\t\t\t\t\t\t\t<a href=\"https:\/\/familienzentrum-bezirk-affoltern.ch\/wp-content\/uploads\/2023\/06\/Kinderhueeti-IMG_3272.jpg\" data-elementor-open-lightbox=\"yes\" data-elementor-lightbox-slideshow=\"4f913e3\" data-elementor-lightbox-description=\"Kinderh\u00fceti Familienzentrum Bezirk Affoltern \" data-e-action-hash=\"#elementor-action%3Aaction%3Dlightbox%26settings%3DeyJpZCI6MjU5MTksInVybCI6Imh0dHBzOlwvXC9mYW1pbGllbnplbnRydW0tYmV6aXJrLWFmZm9sdGVybi5jaFwvd3AtY29udGVudFwvdXBsb2Fkc1wvMjAyM1wvMDZcL0tpbmRlcmh1ZWV0aS1JTUdfMzI3Mi5qcGciLCJzbGlkZXNob3ciOiI0ZjkxM2UzIn0%3D\"><br \/>\n\t\t\t\t\t\t\t\t\t\t\t\t\t\t<\/a><br \/>\n\t\t\t\t\t\t\t<a href=\"https:\/\/familienzentrum-bezirk-affoltern.ch\/wp-content\/uploads\/2020\/10\/Kinderhueeti-3-scaled.jpg\" data-elementor-open-lightbox=\"yes\" data-elementor-lightbox-slideshow=\"4f913e3\" data-elementor-lightbox-description=\"Kinderh\u00fceti im Familienzentrum\" data-e-action-hash=\"#elementor-action%3Aaction%3Dlightbox%26settings%3DeyJpZCI6MTMxOTksInVybCI6Imh0dHBzOlwvXC9mYW1pbGllbnplbnRydW0tYmV6aXJrLWFmZm9sdGVybi5jaFwvd3AtY29udGVudFwvdXBsb2Fkc1wvMjAyMFwvMTBcL0tpbmRlcmh1ZWV0aS0zLXNjYWxlZC5qcGciLCJzbGlkZXNob3ciOiI0ZjkxM2UzIn0%3D\"><br \/>\n\t\t\t\t\t\t\t\t\t\t\t\t\t\t<\/a><br \/>\n\t\t\t\t\t\t\t<a href=\"https:\/\/familienzentrum-bezirk-affoltern.ch\/wp-content\/uploads\/2018\/12\/2017Kinderhuueti3.jpg\" data-elementor-open-lightbox=\"yes\" data-elementor-lightbox-slideshow=\"4f913e3\" data-elementor-lightbox-description=\"Kinderh\u00fceti Familienzentrum Bezirk Affoltern\" data-e-action-hash=\"#elementor-action%3Aaction%3Dlightbox%26settings%3DeyJpZCI6MTAxNjksInVybCI6Imh0dHBzOlwvXC9mYW1pbGllbnplbnRydW0tYmV6aXJrLWFmZm9sdGVybi5jaFwvd3AtY29udGVudFwvdXBsb2Fkc1wvMjAxOFwvMTJcLzIwMTdLaW5kZXJodXVldGkzLmpwZyIsInNsaWRlc2hvdyI6IjRmOTEzZTMifQ%3D%3D\"><br \/>\n\t\t\t\t\t\t\t\t\t\t\t\t\t\t<\/a><\/p>\n<p>F\u00fcr die wilderen Kinder besteht in der Kinderh\u00fceti die M\u00f6glichkeit in unserem Bewegungszimmer mit Mattenboden Energie los zu werden.\u00a0Bei sch\u00f6nem Wetter erkunden wir gerne unseren Garten, fahren mit Bobby Cars und bauen eine Sandlandschaft.<\/p>\n<h3>Offenes Spielzimmer<\/h3>\n<p>Ist es f\u00fcr das Loslassen zu fr\u00fch? Kein Problem: \u00a0Kinder ab ca. 9 Monaten bis zum Kindergarteneintritt d\u00fcrfen auch gemeinsam mit einer Bezugsperson zum Spielen kommen. Die Kinder k\u00f6nnen sich in allen R\u00e4umen bewegen, Spielsachen ausprobieren und erste Kontakte mit anderen Kindern kn\u00fcpfen. Dies alles mit der Sicherheit der vertrauten Bezugsperson der Kinderh\u00fceti im Hintergrund. Die Bezugspersonen lernen die R\u00e4ume und unsere Mitarbeiterinnen kennen und k\u00f6nnen sich mit anderen Mamis vernetzen.<\/p>\n<h2>Sponsor<\/h2>\n<p>\t\t\t\t\t\t\t\t\t\t\t\t\t\t\t\t<a href=\"http:\/\/kinderzahnwelt.ch\/\" target=\"_blank\" rel=\"noopener\"><br \/>\n\t\t\t\t\t\t\t<img fetchpriority=\"high\" decoding=\"async\" width=\"300\" height=\"200\" src=\"https:\/\/familienzentrum-bezirk-affoltern.ch\/wp-content\/uploads\/2019\/02\/kinderzahnwelt.png\" alt=\"kinderzahnwelt.ch\" srcset=\"https:\/\/familienzentrum-bezirk-affoltern.ch\/wp-content\/uploads\/2019\/02\/kinderzahnwelt.png 300w, https:\/\/familienzentrum-bezirk-affoltern.ch\/wp-content\/uploads\/2019\/02\/kinderzahnwelt-216x144.png 216w\" sizes=\"(max-width: 300px) 100vw, 300px\" \/>\t\t\t\t\t\t\t\t<\/a><\/p>\n<h3>\u00d6ffnungszeiten<\/h3>\n<p>Montag, 08.30 &#8211; 11.30 Uhr<\/p>\n<p>Montag-Freitag 14.00 \u2013 17.00 Uhr<\/p>\n<p><em>Das Familienzentrum -und auch die Kinderh\u00fceti- ist in der Regel w\u00e4hrend den <a title=\"Ferienplan Primarschule Affoltern am Albis\" href=\"http:\/\/www.psa.ch\/de\/ferienplan\/\" target=\"_blank\" rel=\"noopener noreferrer\">Schulferien der Primarschule Affoltern am Albis<\/a> geschlossen, Ausnahmen sind erw\u00e4hnt.<\/em><\/p>\n<h3>Ort<\/h3>\n<p>Familienzentrum Bezirk Affoltern, 2. Stock<\/p>\n<h3>Kosten<\/h3>\n<ul>\n<li>\n\t\t\t\t\t\t\t\t\t\t\t<a href=\"https:\/\/familienzentrum-bezirk-affoltern.ch\/wp-content\/uploads\/2022\/08\/Preisliste-Kinderhueeti.pdf\" target=\"_blank\" rel=\"noopener\"><br \/>\n\t\t\t\t\t\t\t\t\t\tPreisliste<br \/>\n\t\t\t\t\t\t\t\t\t\t\t<\/a>\n\t\t\t\t\t\t\t\t\t<\/li>\n<li>\n\t\t\t\t\t\t\t\t\t\tZahlung bar oder per Twint direkt vor Ort\n\t\t\t\t\t\t\t\t\t<\/li>\n<\/ul>\n<h3>Flyer<\/h3>\n<ul>\n<li>\n\t\t\t\t\t\t\t\t\t\t\t<a href=\"https:\/\/familienzentrum-bezirk-affoltern.ch\/wp-content\/uploads\/2023\/07\/Kinderhueeti_21.08.23.pdf\" target=\"_blank\" rel=\"noopener\"><br \/>\n\t\t\t\t\t\t\t\t\t\tInfos zur Kinderh\u00fceti<br \/>\n\t\t\t\t\t\t\t\t\t\t\t<\/a>\n\t\t\t\t\t\t\t\t\t<\/li>\n<li>\n\t\t\t\t\t\t\t\t\t\t\t<a href=\"https:\/\/familienzentrum-bezirk-affoltern.ch\/wp-content\/uploads\/2023\/07\/Spielzimmer_ab_August23.pdf\" target=\"_blank\" rel=\"noopener\"><br \/>\n\t\t\t\t\t\t\t\t\t\tInfos zum offenen Spielzimmer<br \/>\n\t\t\t\t\t\t\t\t\t\t\t<\/a>\n\t\t\t\t\t\t\t\t\t<\/li>\n<\/ul>\n<h3>Anmeldung<\/h3>\n<ul>\n<li>\n\t\t\t\t\t\t\t\t\t\t\t<a href=\"https:\/\/familienzentrum-bezirk-affoltern.ch\/angebote\/kinderhueeti\/anmeldeformular-kinderhueeti\/\"><br \/>\n\t\t\t\t\t\t\t\t\t\tOnline Anmeldung Kinderh\u00fceti<br \/>\n\t\t\t\t\t\t\t\t\t\t\t<\/a>\n\t\t\t\t\t\t\t\t\t<\/li>\n<li>\n\t\t\t\t\t\t\t\t\t\tOder auch spontan!\n\t\t\t\t\t\t\t\t\t<\/li>\n<\/ul>\n<h3>Leitung<\/h3>\n<p>\t\t\t\t\t\t\t\t\t\t\t\t\t\t\t\t<a href=\"https:\/\/familienzentrum-bezirk-affoltern.ch\/wp-content\/uploads\/2023\/09\/Claudia-Mietusch.jpeg\"><br \/>\n\t\t\t\t\t\t\t<img decoding=\"async\" width=\"216\" height=\"300\" src=\"https:\/\/familienzentrum-bezirk-affoltern.ch\/wp-content\/uploads\/2023\/09\/Claudia-Mietusch-wp-216x300.jpg\" alt=\"Claudia Mietusch\" srcset=\"https:\/\/familienzentrum-bezirk-affoltern.ch\/wp-content\/uploads\/2023\/09\/Claudia-Mietusch-wp-216x300.jpg 216w, https:\/\/familienzentrum-bezirk-affoltern.ch\/wp-content\/uploads\/2023\/09\/Claudia-Mietusch-wp.jpg 460w\" sizes=\"(max-width: 216px) 100vw, 216px\" \/>\t\t\t\t\t\t\t\t<\/a><\/p>\n<h4>Claudia Mietusch<\/h4>\n<ul>\n<li>\n\t\t\t\t\t\t\t\t\t\t\t<a href=\"tel:044%20760%2012%2077\"><br \/>\n\t\t\t\t\t\t\t\t\t\t044 760 12 77<br \/>\n\t\t\t\t\t\t\t\t\t\t\t<\/a>\n\t\t\t\t\t\t\t\t\t<\/li>\n<li>\n\t\t\t\t\t\t\t\t\t\t\t<a href=\"mailto:hueeti@familienzentrum-bezirk-affoltern.ch\"><br \/>\n\t\t\t\t\t\t\t\t\t\thueeti@familienzentrum-bezirk-affoltern.ch<br \/>\n\t\t\t\t\t\t\t\t\t\t\t<\/a>\n\t\t\t\t\t\t\t\t\t<\/li>\n<\/ul>\n","protected":false},"excerpt":{"rendered":"<p>In unserer Spiel- und Spassh\u00fceti werden Kinder ab 3 Monaten bis ca. zum Schuleintritt stundenweise liebevoll betreut. Und nicht nur das &#8211; gemeinsam mit den engagierten Betreuerinnen der Kinderh\u00fceti werden saisonale Sachen gebastelt und angemalt, welche anschliessend auch noch zu Hause Freude bereiten. F\u00fcr die wilderen Kinder besteht in der Kinderh\u00fceti die M\u00f6glichkeit in unserem [&hellip;]<\/p>\n","protected":false},"author":1,"featured_media":10170,"parent":21,"menu_order":25,"comment_status":"closed","ping_status":"closed","template":"","meta":{"footnotes":""},"class_list":["post-12230","page","type-page","status-publish","has-post-thumbnail","hentry"],"_links":{"self":[{"href":"https:\/\/recursing-nash.185-101-158-178.plesk.page\/index.php\/wp-json\/wp\/v2\/pages\/12230","targetHints":{"allow":["GET"]}}],"collection":[{"href":"https:\/\/recursing-nash.185-101-158-178.plesk.page\/index.php\/wp-json\/wp\/v2\/pages"}],"about":[{"href":"https:\/\/recursing-nash.185-101-158-178.plesk.page\/index.php\/wp-json\/wp\/v2\/types\/page"}],"author":[{"embeddable":true,"href":"https:\/\/recursing-nash.185-101-158-178.plesk.page\/index.php\/wp-json\/wp\/v2\/users\/1"}],"replies":[{"embeddable":true,"href":"https:\/\/recursing-nash.185-101-158-178.plesk.page\/index.php\/wp-json\/wp\/v2\/comments?post=12230"}],"version-history":[{"count":0,"href":"https:\/\/recursing-nash.185-101-158-178.plesk.page\/index.php\/wp-json\/wp\/v2\/pages\/12230\/revisions"}],"up":[{"embeddable":true,"href":"https:\/\/recursing-nash.185-101-158-178.plesk.page\/index.php\/wp-json\/wp\/v2\/pages\/21"}],"wp:featuredmedia":[{"embeddable":true,"href":"https:\/\/recursing-nash.185-101-158-178.plesk.page\/index.php\/wp-json\/wp\/v2\/media\/10170"}],"wp:attachment":[{"href":"https:\/\/recursing-nash.185-101-158-178.plesk.page\/index.php\/wp-json\/wp\/v2\/media?parent=12230"}],"curies":[{"name":"wp","href":"https:\/\/api.w.org\/{rel}","templated":true}]}}