{"id":19,"date":"2012-11-06T16:22:16","date_gmt":"2012-11-06T15:22:16","guid":{"rendered":"http:\/\/familienzentrum-bezirk-affoltern.ch\/?page_id=19"},"modified":"2012-11-06T16:22:16","modified_gmt":"2012-11-06T15:22:16","slug":"start","status":"publish","type":"page","link":"https:\/\/recursing-nash.185-101-158-178.plesk.page\/index.php\/start\/","title":{"rendered":"Unser Engagement \u2013 weil Familie z\u00e4hlt."},"content":{"rendered":"\t\t<div data-elementor-type=\"wp-page\" data-elementor-id=\"19\" class=\"elementor elementor-19\">\n\t\t\t\t<div class=\"elementor-element elementor-element-1d6efd5 e-flex e-con-boxed e-con e-parent\" data-id=\"1d6efd5\" data-element_type=\"container\">\n\t\t\t\t\t<div class=\"e-con-inner\">\n\t\t<div class=\"elementor-element elementor-element-c9754ff e-con-full e-flex e-con e-child\" data-id=\"c9754ff\" data-element_type=\"container\">\n\t\t\t\t<div class=\"elementor-element elementor-element-4be46e9 elementor-widget elementor-widget-spacer\" data-id=\"4be46e9\" data-element_type=\"widget\" data-widget_type=\"spacer.default\">\n\t\t\t\t<div class=\"elementor-widget-container\">\n\t\t\t\t\t<div class=\"elementor-spacer\">\n\t\t\t<div class=\"elementor-spacer-inner\"><\/div>\n\t\t<\/div>\n\t\t\t\t<\/div>\n\t\t\t\t<\/div>\n\t\t\t\t<div class=\"elementor-element elementor-element-2493a77 elementor-widget elementor-widget-text-editor\" data-id=\"2493a77\" data-element_type=\"widget\" data-widget_type=\"text-editor.default\">\n\t\t\t\t<div class=\"elementor-widget-container\">\n\t\t\t\t\t\t\t<p>Das Familienzentrum Bezirk Affoltern bietet eine Vielzahl an Angeboten, die auf die Bed\u00fcrfnisse junger Familien mit (nicht nur) Kleinkindern zugeschnitten sind. Wir bieten sowohl Spielm\u00f6glichkeiten f\u00fcr Kinder in verschiedenen Altersgruppen, wie auch Informations- und Bildungsm\u00f6glichkeiten f\u00fcr Eltern an.&nbsp;<\/p>\t\t\t\t\t\t<\/div>\n\t\t\t\t<\/div>\n\t\t\t\t<\/div>\n\t\t<div class=\"elementor-element elementor-element-58a2c58 e-con-full e-flex e-con e-child\" data-id=\"58a2c58\" data-element_type=\"container\">\n\t\t\t\t<div class=\"elementor-element elementor-element-bf4a89d elementor-view-stacked elementor-shape-square elementor-position-left elementor-vertical-align-middle elementor-hidden-desktop elementor-hidden-tablet elementor-mobile-position-top elementor-widget elementor-widget-icon-box\" data-id=\"bf4a89d\" data-element_type=\"widget\" data-widget_type=\"icon-box.default\">\n\t\t\t\t<div class=\"elementor-widget-container\">\n\t\t\t\t\t<div class=\"elementor-icon-box-wrapper\">\n\n\t\t\t\t\t\t<div class=\"elementor-icon-box-icon\">\n\t\t\t\t<a href=\"https:\/\/familienzentrum-bezirk-affoltern.ch\/was-laeuft\/wochenuebersicht\/\" class=\"elementor-icon elementor-animation-\" tabindex=\"-1\">\n\t\t\t\t<svg aria-hidden=\"true\" class=\"e-font-icon-svg e-fas-clock\" viewBox=\"0 0 512 512\" xmlns=\"http:\/\/www.w3.org\/2000\/svg\"><path d=\"M256,8C119,8,8,119,8,256S119,504,256,504,504,393,504,256,393,8,256,8Zm92.49,313h0l-20,25a16,16,0,0,1-22.49,2.5h0l-67-49.72a40,40,0,0,1-15-31.23V112a16,16,0,0,1,16-16h32a16,16,0,0,1,16,16V256l58,42.5A16,16,0,0,1,348.49,321Z\"><\/path><\/svg>\t\t\t\t<\/a>\n\t\t\t<\/div>\n\t\t\t\n\t\t\t\t\t\t<div class=\"elementor-icon-box-content\">\n\n\t\t\t\t\t\t\t\t\t<h3 class=\"elementor-icon-box-title\">\n\t\t\t\t\t\t<a href=\"https:\/\/familienzentrum-bezirk-affoltern.ch\/was-laeuft\/wochenuebersicht\/\" >\n\t\t\t\t\t\t\t\u00d6ffnunszeiten\t\t\t\t\t\t<\/a>\n\t\t\t\t\t<\/h3>\n\t\t\t\t\n\t\t\t\t\n\t\t\t<\/div>\n\t\t\t\n\t\t<\/div>\n\t\t\t\t<\/div>\n\t\t\t\t<\/div>\n\t\t\t\t<div class=\"elementor-element elementor-element-1259658 elementor-view-stacked elementor-shape-square elementor-position-left elementor-vertical-align-middle elementor-hidden-desktop elementor-hidden-tablet elementor-mobile-position-top elementor-widget elementor-widget-icon-box\" data-id=\"1259658\" data-element_type=\"widget\" data-widget_type=\"icon-box.default\">\n\t\t\t\t<div class=\"elementor-widget-container\">\n\t\t\t\t\t<div class=\"elementor-icon-box-wrapper\">\n\n\t\t\t\t\t\t<div class=\"elementor-icon-box-icon\">\n\t\t\t\t<a href=\"https:\/\/familienzentrum-bezirk-affoltern.ch\/ueber-uns\/mitglied-werden\/\" class=\"elementor-icon elementor-animation-\" tabindex=\"-1\">\n\t\t\t\t<svg aria-hidden=\"true\" class=\"e-font-icon-svg e-fas-handshake\" viewBox=\"0 0 640 512\" xmlns=\"http:\/\/www.w3.org\/2000\/svg\"><path d=\"M434.7 64h-85.9c-8 0-15.7 3-21.6 8.4l-98.3 90c-.1.1-.2.3-.3.4-16.6 15.6-16.3 40.5-2.1 56 12.7 13.9 39.4 17.6 56.1 2.7.1-.1.3-.1.4-.2l79.9-73.2c6.5-5.9 16.7-5.5 22.6 1 6 6.5 5.5 16.6-1 22.6l-26.1 23.9L504 313.8c2.9 2.4 5.5 5 7.9 7.7V128l-54.6-54.6c-5.9-6-14.1-9.4-22.6-9.4zM544 128.2v223.9c0 17.7 14.3 32 32 32h64V128.2h-96zm48 223.9c-8.8 0-16-7.2-16-16s7.2-16 16-16 16 7.2 16 16-7.2 16-16 16zM0 384h64c17.7 0 32-14.3 32-32V128.2H0V384zm48-63.9c8.8 0 16 7.2 16 16s-7.2 16-16 16-16-7.2-16-16c0-8.9 7.2-16 16-16zm435.9 18.6L334.6 217.5l-30 27.5c-29.7 27.1-75.2 24.5-101.7-4.4-26.9-29.4-24.8-74.9 4.4-101.7L289.1 64h-83.8c-8.5 0-16.6 3.4-22.6 9.4L128 128v223.9h18.3l90.5 81.9c27.4 22.3 67.7 18.1 90-9.3l.2-.2 17.9 15.5c15.9 13 39.4 10.5 52.3-5.4l31.4-38.6 5.4 4.4c13.7 11.1 33.9 9.1 45-4.7l9.5-11.7c11.2-13.8 9.1-33.9-4.6-45.1z\"><\/path><\/svg>\t\t\t\t<\/a>\n\t\t\t<\/div>\n\t\t\t\n\t\t\t\t\t\t<div class=\"elementor-icon-box-content\">\n\n\t\t\t\t\t\t\t\t\t<h3 class=\"elementor-icon-box-title\">\n\t\t\t\t\t\t<a href=\"https:\/\/familienzentrum-bezirk-affoltern.ch\/ueber-uns\/mitglied-werden\/\" >\n\t\t\t\t\t\t\tMitglied werden\t\t\t\t\t\t<\/a>\n\t\t\t\t\t<\/h3>\n\t\t\t\t\n\t\t\t\t\n\t\t\t<\/div>\n\t\t\t\n\t\t<\/div>\n\t\t\t\t<\/div>\n\t\t\t\t<\/div>\n\t\t\t\t<div class=\"elementor-element elementor-element-57b913b elementor-view-stacked elementor-shape-square elementor-position-left elementor-vertical-align-middle elementor-hidden-desktop elementor-hidden-tablet elementor-mobile-position-top elementor-widget elementor-widget-icon-box\" data-id=\"57b913b\" data-element_type=\"widget\" data-widget_type=\"icon-box.default\">\n\t\t\t\t<div class=\"elementor-widget-container\">\n\t\t\t\t\t<div class=\"elementor-icon-box-wrapper\">\n\n\t\t\t\t\t\t<div class=\"elementor-icon-box-icon\">\n\t\t\t\t<a href=\"https:\/\/familienzentrum-bezirk-affoltern.ch\/aktuelles\/\" class=\"elementor-icon elementor-animation-\" tabindex=\"-1\">\n\t\t\t\t<svg aria-hidden=\"true\" class=\"e-font-icon-svg e-fas-check\" viewBox=\"0 0 512 512\" xmlns=\"http:\/\/www.w3.org\/2000\/svg\"><path d=\"M173.898 439.404l-166.4-166.4c-9.997-9.997-9.997-26.206 0-36.204l36.203-36.204c9.997-9.998 26.207-9.998 36.204 0L192 312.69 432.095 72.596c9.997-9.997 26.207-9.997 36.204 0l36.203 36.204c9.997 9.997 9.997 26.206 0 36.204l-294.4 294.401c-9.998 9.997-26.207 9.997-36.204-.001z\"><\/path><\/svg>\t\t\t\t<\/a>\n\t\t\t<\/div>\n\t\t\t\n\t\t\t\t\t\t<div class=\"elementor-icon-box-content\">\n\n\t\t\t\t\t\t\t\t\t<h3 class=\"elementor-icon-box-title\">\n\t\t\t\t\t\t<a href=\"https:\/\/familienzentrum-bezirk-affoltern.ch\/aktuelles\/\" >\n\t\t\t\t\t\t\tAktuelles\t\t\t\t\t\t<\/a>\n\t\t\t\t\t<\/h3>\n\t\t\t\t\n\t\t\t\t\n\t\t\t<\/div>\n\t\t\t\n\t\t<\/div>\n\t\t\t\t<\/div>\n\t\t\t\t<\/div>\n\t\t\t\t<div class=\"elementor-element elementor-element-c3879a3 elementor-view-stacked elementor-shape-square elementor-position-left elementor-vertical-align-middle elementor-hidden-desktop elementor-hidden-tablet elementor-mobile-position-top elementor-widget elementor-widget-icon-box\" data-id=\"c3879a3\" data-element_type=\"widget\" data-widget_type=\"icon-box.default\">\n\t\t\t\t<div class=\"elementor-widget-container\">\n\t\t\t\t\t<div class=\"elementor-icon-box-wrapper\">\n\n\t\t\t\t\t\t<div class=\"elementor-icon-box-icon\">\n\t\t\t\t<a href=\"https:\/\/familienzentrum-bezirk-affoltern.ch\/angebote\/babysitter\/\" class=\"elementor-icon elementor-animation-\" tabindex=\"-1\">\n\t\t\t\t<svg aria-hidden=\"true\" class=\"e-font-icon-svg e-fas-baby\" viewBox=\"0 0 384 512\" xmlns=\"http:\/\/www.w3.org\/2000\/svg\"><path d=\"M192 160c44.2 0 80-35.8 80-80S236.2 0 192 0s-80 35.8-80 80 35.8 80 80 80zm-53.4 248.8l25.6-32-61.5-51.2L56.8 383c-11.4 14.2-11.7 34.4-.8 49l48 64c7.9 10.5 19.9 16 32 16 8.3 0 16.8-2.6 24-8 17.7-13.2 21.2-38.3 8-56l-29.4-39.2zm142.7-83.2l-61.5 51.2 25.6 32L216 448c-13.2 17.7-9.7 42.8 8 56 7.2 5.4 15.6 8 24 8 12.2 0 24.2-5.5 32-16l48-64c10.9-14.6 10.6-34.8-.8-49l-45.9-57.4zM376.7 145c-12.7-18.1-37.6-22.4-55.7-9.8l-40.6 28.5c-52.7 37-124.2 37-176.8 0L63 135.3C44.9 122.6 20 127 7.3 145-5.4 163.1-1 188 17 200.7l40.6 28.5c17 11.9 35.4 20.9 54.4 27.9V288h160v-30.8c19-7 37.4-16 54.4-27.9l40.6-28.5c18.1-12.8 22.4-37.7 9.7-55.8z\"><\/path><\/svg>\t\t\t\t<\/a>\n\t\t\t<\/div>\n\t\t\t\n\t\t\t\t\t\t<div class=\"elementor-icon-box-content\">\n\n\t\t\t\t\t\t\t\t\t<h3 class=\"elementor-icon-box-title\">\n\t\t\t\t\t\t<a href=\"https:\/\/familienzentrum-bezirk-affoltern.ch\/angebote\/babysitter\/\" >\n\t\t\t\t\t\t\tBabysitter\t\t\t\t\t\t<\/a>\n\t\t\t\t\t<\/h3>\n\t\t\t\t\n\t\t\t\t\n\t\t\t<\/div>\n\t\t\t\n\t\t<\/div>\n\t\t\t\t<\/div>\n\t\t\t\t<\/div>\n\t\t\t\t<div class=\"elementor-element elementor-element-d5900b3 elementor-hidden-mobile elementor-widget elementor-widget-posts\" data-id=\"d5900b3\" data-element_type=\"widget\" data-widget_type=\"posts.cards\">\n\t\t\t\t<div class=\"elementor-widget-container\">\n\t\t\t \t\t<\/div>\n\t\t\t\t<\/div>\n\t\t\t\t<\/div>\n\t\t\t\t\t<\/div>\n\t\t\t\t<\/div>\n\t\t<div class=\"elementor-element elementor-element-78aee0c e-con-full e-flex e-con e-parent\" data-id=\"78aee0c\" data-element_type=\"container\">\n\t\t<div class=\"elementor-element elementor-element-3f04487 e-con-full e-flex e-con e-child\" data-id=\"3f04487\" data-element_type=\"container\">\n\t\t\t\t<div class=\"elementor-element elementor-element-788d647 elementor-hidden-desktop elementor-widget elementor-widget-spacer\" data-id=\"788d647\" data-element_type=\"widget\" data-widget_type=\"spacer.default\">\n\t\t\t\t<div class=\"elementor-widget-container\">\n\t\t\t\t\t<div class=\"elementor-spacer\">\n\t\t\t<div class=\"elementor-spacer-inner\"><\/div>\n\t\t<\/div>\n\t\t\t\t<\/div>\n\t\t\t\t<\/div>\n\t\t\t\t<div class=\"elementor-element elementor-element-10b93e2 elementor-widget elementor-widget-heading\" data-id=\"10b93e2\" data-element_type=\"widget\" data-widget_type=\"heading.default\">\n\t\t\t\t<div class=\"elementor-widget-container\">\n\t\t\t<h2 class=\"elementor-heading-title elementor-size-default\">Unsere Angebote<\/h2>\t\t<\/div>\n\t\t\t\t<\/div>\n\t\t\t\t<div class=\"elementor-element elementor-element-55d0296 elementor-widget elementor-widget-posts\" data-id=\"55d0296\" data-element_type=\"widget\" data-widget_type=\"posts.cards\">\n\t\t\t\t<div class=\"elementor-widget-container\">\n\t\t\t \t\t<\/div>\n\t\t\t\t<\/div>\n\t\t\t\t<div class=\"elementor-element elementor-element-3697570 elementor-widget elementor-widget-spacer\" data-id=\"3697570\" data-element_type=\"widget\" data-widget_type=\"spacer.default\">\n\t\t\t\t<div class=\"elementor-widget-container\">\n\t\t\t\t\t<div class=\"elementor-spacer\">\n\t\t\t<div class=\"elementor-spacer-inner\"><\/div>\n\t\t<\/div>\n\t\t\t\t<\/div>\n\t\t\t\t<\/div>\n\t\t\t\t<div class=\"elementor-element elementor-element-e7b3acd elementor-widget elementor-widget-heading\" data-id=\"e7b3acd\" data-element_type=\"widget\" data-widget_type=\"heading.default\">\n\t\t\t\t<div class=\"elementor-widget-container\">\n\t\t\t<h2 class=\"elementor-heading-title elementor-size-default\">Lokal. Der Familienbegegnungsort im Bezirk.<\/h2>\t\t<\/div>\n\t\t\t\t<\/div>\n\t\t\t\t<div class=\"elementor-element elementor-element-2f0aea6 elementor-widget elementor-widget-text-editor\" data-id=\"2f0aea6\" data-element_type=\"widget\" data-widget_type=\"text-editor.default\">\n\t\t\t\t<div class=\"elementor-widget-container\">\n\t\t\t\t\t\t\t<p>Bei uns im Familienzentrum Bezirk Affoltern treffen sich Familien, Eltern und Erziehende aller sozialen und kulturellen Schichten aus dem Bezirk Affoltern und Interessierte aus weiteren Gemeinden. Hier begegnen sich Erwachsene wie auch Kinder, sie finden Gleichgesinnte und k\u00f6nnen sich austauschen. Diese neuen Kontakte und Begegnungen \u2013 sie geschehen vielfach nach der Geburt des ersten Kindes &#8211; helfen Eltern und Kindern in ihrer pers\u00f6nlichen und famili\u00e4ren Weiterentwicklung.<\/p>\t\t\t\t\t\t<\/div>\n\t\t\t\t<\/div>\n\t\t\t\t<div class=\"elementor-element elementor-element-a8b934f elementor-widget elementor-widget-heading\" data-id=\"a8b934f\" data-element_type=\"widget\" data-widget_type=\"heading.default\">\n\t\t\t\t<div class=\"elementor-widget-container\">\n\t\t\t<h2 class=\"elementor-heading-title elementor-size-default\">Kinderlachen.<\/h2>\t\t<\/div>\n\t\t\t\t<\/div>\n\t\t\t\t<div class=\"elementor-element elementor-element-bf7d3c7 elementor-widget elementor-widget-text-editor\" data-id=\"bf7d3c7\" data-element_type=\"widget\" data-widget_type=\"text-editor.default\">\n\t\t\t\t<div class=\"elementor-widget-container\">\n\t\t\t\t\t\t\t<p>Nicht nur, aber <strong>besonders<\/strong> f\u00fcr Kinder sind viele R\u00e4ume eingerichtet. Sozialer Kontakt ist bereits f\u00fcr Babys essentiell \u2013 im Familienzentrum finden Kinder erste Gsp\u00e4ndli und spielen drinnen in kindgerechten R\u00e4umen oder draussen auf dem umz\u00e4unten Spielplatz.<\/p>\t\t\t\t\t\t<\/div>\n\t\t\t\t<\/div>\n\t\t\t\t<div class=\"elementor-element elementor-element-8f2e315 elementor-widget elementor-widget-heading\" data-id=\"8f2e315\" data-element_type=\"widget\" data-widget_type=\"heading.default\">\n\t\t\t\t<div class=\"elementor-widget-container\">\n\t\t\t<h2 class=\"elementor-heading-title elementor-size-default\">Mehr als ein Treffpunkt.<\/h2>\t\t<\/div>\n\t\t\t\t<\/div>\n\t\t\t\t<div class=\"elementor-element elementor-element-8957a93 elementor-widget elementor-widget-text-editor\" data-id=\"8957a93\" data-element_type=\"widget\" data-widget_type=\"text-editor.default\">\n\t\t\t\t<div class=\"elementor-widget-container\">\n\t\t\t\t\t\t\t<p>Das Familienzentrum bietet kompetente Weiterbildungen und Kurse zu verschiedenen Familienthemen im Bereich Entwicklung und Erziehung, Gesundheit und Kreativit\u00e4t. Dabei arbeiten wir auch mit der kantonalen Fachstelle f\u00fcr Elternbildung und der Supad (Suchtpr\u00e4vention) zusammen.<\/p>\t\t\t\t\t\t<\/div>\n\t\t\t\t<\/div>\n\t\t\t\t<div class=\"elementor-element elementor-element-53248f6 elementor-widget elementor-widget-heading\" data-id=\"53248f6\" data-element_type=\"widget\" data-widget_type=\"heading.default\">\n\t\t\t\t<div class=\"elementor-widget-container\">\n\t\t\t<h2 class=\"elementor-heading-title elementor-size-default\">Engagiert zusammen.<\/h2>\t\t<\/div>\n\t\t\t\t<\/div>\n\t\t\t\t<div class=\"elementor-element elementor-element-20d8019 elementor-widget elementor-widget-text-editor\" data-id=\"20d8019\" data-element_type=\"widget\" data-widget_type=\"text-editor.default\">\n\t\t\t\t<div class=\"elementor-widget-container\">\n\t\t\t\t\t\t\t<p>Alle reden davon \u2013 wir tun es. Wir bieten rund 40 Mitarbeiterinnen einen vereinfachenden Wiedereinstieg ins Berufsleben. Nebst unseren Teilzeitstellen bieten wir M\u00fcttern die Gelegenheit, ihre Kinder w\u00e4hrend der Arbeitszeit kostenlos durch die hausinterne Kinderh\u00fceti betreuen zu lassen. Neues kennenlernen, sich ausserhalb der Familie zu engagieren und Wertsch\u00e4tzung zu erfahren, f\u00f6rdern das Selbstvertrauen und erh\u00f6hen die Chancen auf einen Wiedereinstieg in die Arbeitswelt massgeblich.<\/p>\t\t\t\t\t\t<\/div>\n\t\t\t\t<\/div>\n\t\t\t\t<div class=\"elementor-element elementor-element-073c460 elementor-widget elementor-widget-heading\" data-id=\"073c460\" data-element_type=\"widget\" data-widget_type=\"heading.default\">\n\t\t\t\t<div class=\"elementor-widget-container\">\n\t\t\t<h2 class=\"elementor-heading-title elementor-size-default\">Zuerst und Zuletzt.<\/h2>\t\t<\/div>\n\t\t\t\t<\/div>\n\t\t\t\t<div class=\"elementor-element elementor-element-98aa230 elementor-widget elementor-widget-text-editor\" data-id=\"98aa230\" data-element_type=\"widget\" data-widget_type=\"text-editor.default\">\n\t\t\t\t<div class=\"elementor-widget-container\">\n\t\t\t\t\t\t\t<p>Wir sind ein Verein mit ehrenamtlichem Vorstand, rund 200 Mitgliedern und 40 engagierten Mitarbeitenden. Wir finanzieren uns durch Betriebseinnahmen, Gratisstunden, Mitgliederbeitr\u00e4ge, Spenden, Beitr\u00e4ge von Gemeinden und aus einer Leistungsvereinbarung mit dem Kanton. Seit 20 Jahren bieten wir Familien im Bezirk attraktive Angebote und leisten wertvolle soziale Integrationsarbeit f\u00fcr Familien und Frauen. Aber nicht das Geschriebene z\u00e4hlt \u2013 sondern unser Tun. Schauen Sie vorbei.<\/p>\t\t\t\t\t\t<\/div>\n\t\t\t\t<\/div>\n\t\t\t\t<\/div>\n\t\t\t\t<\/div>\n\t\t\t\t<\/div>\n\t\t","protected":false},"excerpt":{"rendered":"<p>Das Familienzentrum Bezirk Affoltern bietet eine Vielzahl an Angeboten, die auf die Bed\u00fcrfnisse junger Familien mit (nicht nur) Kleinkindern zugeschnitten sind. Wir bieten sowohl Spielm\u00f6glichkeiten f\u00fcr Kinder in verschiedenen Altersgruppen, wie auch Informations- und Bildungsm\u00f6glichkeiten f\u00fcr Eltern an.&nbsp; \u00d6ffnunszeiten Mitglied werden Aktuelles Babysitter Unsere Angebote Lokal. Der Familienbegegnungsort im Bezirk. Bei uns im Familienzentrum Bezirk [&hellip;]<\/p>\n","protected":false},"author":1,"featured_media":0,"parent":0,"menu_order":14,"comment_status":"closed","ping_status":"closed","template":"","meta":{"footnotes":""},"class_list":["post-19","page","type-page","status-publish","hentry"],"_links":{"self":[{"href":"https:\/\/recursing-nash.185-101-158-178.plesk.page\/index.php\/wp-json\/wp\/v2\/pages\/19","targetHints":{"allow":["GET"]}}],"collection":[{"href":"https:\/\/recursing-nash.185-101-158-178.plesk.page\/index.php\/wp-json\/wp\/v2\/pages"}],"about":[{"href":"https:\/\/recursing-nash.185-101-158-178.plesk.page\/index.php\/wp-json\/wp\/v2\/types\/page"}],"author":[{"embeddable":true,"href":"https:\/\/recursing-nash.185-101-158-178.plesk.page\/index.php\/wp-json\/wp\/v2\/users\/1"}],"replies":[{"embeddable":true,"href":"https:\/\/recursing-nash.185-101-158-178.plesk.page\/index.php\/wp-json\/wp\/v2\/comments?post=19"}],"version-history":[{"count":0,"href":"https:\/\/recursing-nash.185-101-158-178.plesk.page\/index.php\/wp-json\/wp\/v2\/pages\/19\/revisions"}],"wp:attachment":[{"href":"https:\/\/recursing-nash.185-101-158-178.plesk.page\/index.php\/wp-json\/wp\/v2\/media?parent=19"}],"curies":[{"name":"wp","href":"https:\/\/api.w.org\/{rel}","templated":true}]}}