{"id":682,"date":"2012-12-12T22:52:47","date_gmt":"2012-12-12T21:52:47","guid":{"rendered":"http:\/\/familienzentrum-bezirk-affoltern.ch\/?page_id=682"},"modified":"2012-12-12T22:52:47","modified_gmt":"2012-12-12T21:52:47","slug":"spielgruppe-viva","status":"publish","type":"page","link":"https:\/\/recursing-nash.185-101-158-178.plesk.page\/index.php\/angebote\/spielgruppe-viva\/","title":{"rendered":"Innenspielgruppe"},"content":{"rendered":"<h2>Innenspielgruppe <strong>VIV<\/strong>A<\/h2>\n<p>In unserer <strong>Innenspielgruppe<\/strong>\u00a0VIVA\u00a0\u00fcben Kinder ab\u00a02 1\u20442 Jahren, in einem sicheren und \u00fcberschaubaren Rahmen, die Abl\u00f6sung von ihren engsten Bezugspersonen. Dies erm\u00f6glicht ihnen einen sanften Einstieg ins Schulsystem.<\/p>\n<p>[smartslider3 slider=&#8220;14&#8243;]<\/p>\n<p>Die Kinder lernen ihren Platz in einer Gruppe zu finden und mit Gleichaltrigen zu spielen, basteln, toben, streiten, lachen und singen.<\/p>\n<p>Dabei werden sie liebevoll von unseren erfahrenen Spielgruppenleiterinnen unterst\u00fctzt und begleitet.<\/p>\n<p>Alle Leiterinnen verf\u00fcgen \u00fcber eine abgeschlossene und anerkannte Spielgruppen-Ausbildung und konnten schon Erfahrung in Arbeit mit Kleinkindern sammeln.<\/p>\n<p><em>Miteinander leben, voneinander lernen und<b> <\/b>f\u00fcreinander da sein!<\/em><br \/><em>Ich liebe es, mit Kindern zusammen zu arbeiten, zu spielen&nbsp;und zu basteln.&nbsp;<\/em><em>Es ist immer wieder sch\u00f6n, die Welt mit den Augen der Kinder zu sehen und von ihnen <\/em><em>zu lernen.<\/em><br \/><em>Deniz Candemir<\/em><\/p>\n<h3>\u00d6ffnungszeiten<\/h3>\n<p><em>nur mit Anmeldung<\/em><\/p>\n<p>Dienstag, 08.30 \u2013 11.30 Uhr<br \/>Mittwoch, 08.30 \u2013 11.30 Uhr<br \/>Donnerstag, 08.30 \u2013 11.30 Uhr<\/p>\n<h3>Ort<\/h3>\n<p>Familienzentrum Bezirk Affoltern, 2. Stock<\/p>\n<h3>Kosten<\/h3>\n<p>Mitglieder: CHF 110.00 pro Halbtag und Monat<\/p>\n<p>Nichtmitglieder: CHF 125.00 pro Halbtag und Monat<\/p>\n<h3>Leitung<\/h3>\n<p>\t\t\t\t\t\t\t\t\t\t\t\t\t\t\t\t<a href=\"https:\/\/familienzentrum-bezirk-affoltern.ch\/wp-content\/uploads\/2023\/09\/Deniz_Candemir-1.jpg\" data-elementor-open-lightbox=\"yes\" data-elementor-lightbox-description=\"Deniz Candemir, Co-Leitung Spielgruppe Familienzentrum Bezirk Affoltern \" data-e-action-hash=\"#elementor-action%3Aaction%3Dlightbox%26settings%3DeyJpZCI6MjYzNTksInVybCI6Imh0dHBzOlwvXC9mYW1pbGllbnplbnRydW0tYmV6aXJrLWFmZm9sdGVybi5jaFwvd3AtY29udGVudFwvdXBsb2Fkc1wvMjAyM1wvMDlcL0Rlbml6X0NhbmRlbWlyLTEuanBnIn0%3D\"><br \/>\n\t\t\t\t\t\t\t<img loading=\"lazy\" decoding=\"async\" width=\"768\" height=\"1367\" src=\"https:\/\/familienzentrum-bezirk-affoltern.ch\/wp-content\/uploads\/2023\/09\/Deniz_Candemir-1-768x1367.jpg\" alt=\"Deniz Candemir\" loading=\"lazy\" srcset=\"https:\/\/familienzentrum-bezirk-affoltern.ch\/wp-content\/uploads\/2023\/09\/Deniz_Candemir-1-768x1367.jpg 768w, https:\/\/familienzentrum-bezirk-affoltern.ch\/wp-content\/uploads\/2023\/09\/Deniz_Candemir-1-169x300.jpg 169w, https:\/\/familienzentrum-bezirk-affoltern.ch\/wp-content\/uploads\/2023\/09\/Deniz_Candemir-1-576x1024.jpg 576w, https:\/\/familienzentrum-bezirk-affoltern.ch\/wp-content\/uploads\/2023\/09\/Deniz_Candemir-1-863x1536.jpg 863w, https:\/\/familienzentrum-bezirk-affoltern.ch\/wp-content\/uploads\/2023\/09\/Deniz_Candemir-1.jpg 1151w\" sizes=\"auto, (max-width: 768px) 100vw, 768px\" \/>\t\t\t\t\t\t\t\t<\/a><\/p>\n<h4>Deniz Candemir<\/h4>\n<h3>Infos Anfordern<\/h3>\n<form id=\"wpforms-form-25186\" data-formid=\"25186\" method=\"post\" enctype=\"multipart\/form-data\" action=\"\/wp-admin\/admin-ajax.php\" data-token=\"dec185f48660762ef495d8b765ad6653\"><noscript>Bitte aktiviere JavaScript in deinem Browser, um dieses Formular fertigzustellen.<\/noscript><label for=\"wpforms-25186-field_16\">Name *<\/label><input type=\"text\" id=\"wpforms-25186-field_16\" name=\"wpforms[fields][16]\" required><label for=\"wpforms-25186-field_13\">Ich m\u00f6chte mehr \u00fcber die Spielgruppe wissen. Ich w\u00fcnsche die Infos&#8230; *<\/label><\/p>\n<ul id=\"wpforms-25186-field_13\">\n<li><input type=\"checkbox\" id=\"wpforms-25186-field_13_2\" name=\"wpforms[fields][13][]\" value=\"per E-Mail\" required ><label for=\"wpforms-25186-field_13_2\">per E-Mail<\/label><\/li>\n<li><input type=\"checkbox\" id=\"wpforms-25186-field_13_5\" name=\"wpforms[fields][13][]\" value=\"per Briefpost\" required ><label for=\"wpforms-25186-field_13_5\">per Briefpost<\/label><\/li>\n<\/ul>\n<p><label for=\"wpforms-25186-field_4\">E-Mail<\/label><input type=\"email\" id=\"wpforms-25186-field_4\" name=\"wpforms[fields][4][primary]\" spellcheck=\"false\" ><label for=\"wpforms-25186-field_4\">E-Mail<\/label><input type=\"email\" id=\"wpforms-25186-field_4-secondary\" data-rule-confirm=\"#wpforms-25186-field_4\" name=\"wpforms[fields][4][secondary]\" spellcheck=\"false\" ><label for=\"wpforms-25186-field_4-secondary\">E-Mail best\u00e4tigen<\/label><label for=\"wpforms-25186-field_40\">Adresse<\/label><textarea id=\"wpforms-25186-field_40\" name=\"wpforms[fields][40]\" ><\/textarea><!-- .wpforms-field-container --><input type=\"hidden\" name=\"wpforms[id]\" value=\"25186\">\t\t\t<input\n\t\t\t\ttype=\"hidden\"\n\t\t\t\tname=\"wpforms[nonce]\"\n\t\t\t\tvalue=\"be5b7e8906\"\n\t\t\t\/><br \/>\n\t\t\t<input type=\"hidden\" name=\"wpforms[author]\" value=\"8\"><button type=\"submit\" name=\"wpforms[submit]\" id=\"wpforms-submit-25186\" data-alt-text=\"Senden...\" data-submit-text=\"Absenden\" aria-live=\"assertive\" value=\"wpforms-submit\">Absenden<\/button><\/form>\n<p>  <!-- .wpforms-container --><\/p>\n<ul>\n<li>\n\t\t\t\t\t\t\t\t\t\t\t<a href=\"tel:044%20760%2012%2077\"><br \/>\n\t\t\t\t\t\t\t\t\t\t044 760 12 77<br \/>\n\t\t\t\t\t\t\t\t\t\t\t<\/a>\n\t\t\t\t\t\t\t\t\t<\/li>\n<li>\n\t\t\t\t\t\t\t\t\t\t\t<a href=\"mailto:betreuung@familienzentrum-bezirk-affoltern.ch\"><br \/>\n\t\t\t\t\t\t\t\t\t\tbetreuung@familienzentrum-bezirk-affoltern.ch<br \/>\n\t\t\t\t\t\t\t\t\t\t\t<\/a>\n\t\t\t\t\t\t\t\t\t<\/li>\n<\/ul>\n<h2>\n\t\t\t\t\tUnser VIVA Motto &#8222;ALLES DARF,<br \/>\n\t\t\t\t\tNICHTS MUSS&#8220;<br \/>\n\t\t\t\t<\/h2>\n<blockquote>\n<p>\n\t\t\t\tEin Tipp des Familienzentrums f\u00fcr die Sprachbildung der Kinder:<br \/>\nSprachliche Entwicklung von Kleinkindern st\u00e4rken<br \/>\nDie Bildungsdirektion Kanton Z\u00fcrich will die sprachliche Entwicklung von Kindern bis vier Jahre st\u00e4rken. Dazu hat sie Kurzfilme und weitere Angebote zur fr\u00fchen Sprachbildung f\u00fcr Eltern und Fachleute lanciert. Die Filme sollen anregen, motivieren und sensibilisieren. Durch ihre Anschaulichkeit sind sie auch vielf\u00e4ltig in der Elternberatung und Elternbildung anwendbar. Filme und weitere Hilfsmittel sind auf der Webseite\u00a0www.kinder-4.ch\u00a0frei zug\u00e4nglich. Um die fr\u00fche Sprachbildung nachhaltig zu verankern, wurden zudem diverse berufsorientierte Weiterbildungsangebote zur fr\u00fchen Sprachbildung entwickelt:<br \/>\n<a href=\"https:\/\/www.bfs-winterthur.ch\/index.php?l1=4\">BFS Winterthur<\/a>.\t\t\t<\/p>\n<\/blockquote>\n","protected":false},"excerpt":{"rendered":"<p>Innenspielgruppe VIVA In unserer Innenspielgruppe\u00a0VIVA\u00a0\u00fcben Kinder ab\u00a02 1\u20442 Jahren, in einem sicheren und \u00fcberschaubaren Rahmen, die Abl\u00f6sung von ihren engsten Bezugspersonen. Dies erm\u00f6glicht ihnen einen sanften Einstieg ins Schulsystem. [smartslider3 slider=&#8220;14&#8243;] Die Kinder lernen ihren Platz in einer Gruppe zu finden und mit Gleichaltrigen zu spielen, basteln, toben, streiten, lachen und singen. Dabei werden sie [&hellip;]<\/p>\n","protected":false},"author":1,"featured_media":11454,"parent":21,"menu_order":32,"comment_status":"closed","ping_status":"closed","template":"","meta":{"footnotes":""},"class_list":["post-682","page","type-page","status-publish","has-post-thumbnail","hentry"],"_links":{"self":[{"href":"https:\/\/recursing-nash.185-101-158-178.plesk.page\/index.php\/wp-json\/wp\/v2\/pages\/682","targetHints":{"allow":["GET"]}}],"collection":[{"href":"https:\/\/recursing-nash.185-101-158-178.plesk.page\/index.php\/wp-json\/wp\/v2\/pages"}],"about":[{"href":"https:\/\/recursing-nash.185-101-158-178.plesk.page\/index.php\/wp-json\/wp\/v2\/types\/page"}],"author":[{"embeddable":true,"href":"https:\/\/recursing-nash.185-101-158-178.plesk.page\/index.php\/wp-json\/wp\/v2\/users\/1"}],"replies":[{"embeddable":true,"href":"https:\/\/recursing-nash.185-101-158-178.plesk.page\/index.php\/wp-json\/wp\/v2\/comments?post=682"}],"version-history":[{"count":0,"href":"https:\/\/recursing-nash.185-101-158-178.plesk.page\/index.php\/wp-json\/wp\/v2\/pages\/682\/revisions"}],"up":[{"embeddable":true,"href":"https:\/\/recursing-nash.185-101-158-178.plesk.page\/index.php\/wp-json\/wp\/v2\/pages\/21"}],"wp:featuredmedia":[{"embeddable":true,"href":"https:\/\/recursing-nash.185-101-158-178.plesk.page\/index.php\/wp-json\/wp\/v2\/media\/11454"}],"wp:attachment":[{"href":"https:\/\/recursing-nash.185-101-158-178.plesk.page\/index.php\/wp-json\/wp\/v2\/media?parent=682"}],"curies":[{"name":"wp","href":"https:\/\/api.w.org\/{rel}","templated":true}]}}