{"id":7468,"date":"2017-05-15T10:20:46","date_gmt":"2017-05-15T08:20:46","guid":{"rendered":"http:\/\/familienzentrum-bezirk-affoltern.ch\/?page_id=7468"},"modified":"2017-05-15T10:20:46","modified_gmt":"2017-05-15T08:20:46","slug":"muetter-und-vaeterberatung-affoltern","status":"publish","type":"page","link":"https:\/\/recursing-nash.185-101-158-178.plesk.page\/index.php\/angebote\/muetter-und-vaeterberatung-affoltern\/","title":{"rendered":"M\u00fctter- und V\u00e4terberatung kjz Affoltern"},"content":{"rendered":"\t\t<div data-elementor-type=\"wp-page\" data-elementor-id=\"7468\" class=\"elementor elementor-7468\">\n\t\t\t\t\t\t<section class=\"elementor-section elementor-top-section elementor-element elementor-element-75f77e22 elementor-section-boxed elementor-section-height-default elementor-section-height-default\" data-id=\"75f77e22\" data-element_type=\"section\">\n\t\t\t\t\t\t<div class=\"elementor-container elementor-column-gap-default\">\n\t\t\t\t\t<div class=\"elementor-column elementor-col-66 elementor-top-column elementor-element elementor-element-445df6c0\" data-id=\"445df6c0\" data-element_type=\"column\">\n\t\t\t<div class=\"elementor-widget-wrap elementor-element-populated\">\n\t\t\t\t\t\t<div class=\"elementor-element elementor-element-4928664c elementor-widget elementor-widget-text-editor\" data-id=\"4928664c\" data-element_type=\"widget\" data-widget_type=\"text-editor.default\">\n\t\t\t\t<div class=\"elementor-widget-container\">\n\t\t\t\t\t\t\t<p>Die Kinder- und Jugendhilfezentren (kjz) beraten Eltern bei Fragen zur Erziehung ihrer Kinder und zum Familienalltag.\u00a0Das Beratungsangebot umfasst eine Vielfalt an Themen, die Familien mit Kindern von 0 bis 18 Jahren besch\u00e4ftigen. Die Beratungsstelle kjz Bezirk Affoltern befindet sich in den R\u00e4umlichkeiten des Familienzentrums Bezirk Affoltern, ist aber<strong> kein Angebot<\/strong> des Familienzentrums. F\u00fcr mehr Information besuchen Sie bitte die Webseite: <a href=\"https:\/\/www.zh.ch\/de\/bildungsdirektion\/amt-fuer-jugend-und-berufsberatung\/kjz-affoltern.html\" target=\"_blank\" rel=\"noopener\">Kinder- und Jugendberatung kjz Affoltern am Albis.<\/a><\/p><p>M\u00fctter- und V\u00e4terberaterinnen des kjz Affoltern beraten Sie gerne zu diversen Themen wie Pflege, Stillen, Ern\u00e4hrung, Schlaf und Entwicklung eines Babys.<\/p>\t\t\t\t\t\t<\/div>\n\t\t\t\t<\/div>\n\t\t\t\t<div class=\"elementor-element elementor-element-ac2fee9 elementor-widget elementor-widget-image\" data-id=\"ac2fee9\" data-element_type=\"widget\" data-widget_type=\"image.default\">\n\t\t\t\t<div class=\"elementor-widget-container\">\n\t\t\t\t\t\t\t\t\t\t\t\t\t<img fetchpriority=\"high\" decoding=\"async\" width=\"602\" height=\"230\" src=\"https:\/\/recursing-nash.185-101-158-178.plesk.page\/wp-content\/uploads\/2021\/09\/Baby-im-Tragetuch-Bild.bmp\" class=\"attachment-medium_large size-medium_large wp-image-14283\" alt=\"\" srcset=\"https:\/\/recursing-nash.185-101-158-178.plesk.page\/wp-content\/uploads\/2021\/09\/Baby-im-Tragetuch-Bild.bmp 602w, https:\/\/recursing-nash.185-101-158-178.plesk.page\/wp-content\/uploads\/2021\/09\/Baby-im-Tragetuch-Bild-300x115.jpg 300w\" sizes=\"(max-width: 602px) 100vw, 602px\" \/>\t\t\t\t\t\t\t\t\t\t\t\t\t<\/div>\n\t\t\t\t<\/div>\n\t\t\t\t<div class=\"elementor-element elementor-element-5a384ad elementor-widget elementor-widget-spacer\" data-id=\"5a384ad\" data-element_type=\"widget\" data-widget_type=\"spacer.default\">\n\t\t\t\t<div class=\"elementor-widget-container\">\n\t\t\t\t\t<div class=\"elementor-spacer\">\n\t\t\t<div class=\"elementor-spacer-inner\"><\/div>\n\t\t<\/div>\n\t\t\t\t<\/div>\n\t\t\t\t<\/div>\n\t\t\t\t<div class=\"elementor-element elementor-element-ae8a485 elementor-widget elementor-widget-text-editor\" data-id=\"ae8a485\" data-element_type=\"widget\" data-widget_type=\"text-editor.default\">\n\t\t\t\t<div class=\"elementor-widget-container\">\n\t\t\t\t\t\t\t<em>Die M\u00fctter-V\u00e4terberatung findet auch w\u00e4hrend den Affoltemer Schulferien statt.<\/em>\t\t\t\t\t\t<\/div>\n\t\t\t\t<\/div>\n\t\t\t\t\t<\/div>\n\t\t<\/div>\n\t\t\t\t<div class=\"elementor-column elementor-col-33 elementor-top-column elementor-element elementor-element-48eae089\" data-id=\"48eae089\" data-element_type=\"column\" data-settings=\"{&quot;background_background&quot;:&quot;classic&quot;}\">\n\t\t\t<div class=\"elementor-widget-wrap elementor-element-populated\">\n\t\t\t\t\t\t<div class=\"elementor-element elementor-element-3d0781d0 elementor-widget elementor-widget-text-editor\" data-id=\"3d0781d0\" data-element_type=\"widget\" data-widget_type=\"text-editor.default\">\n\t\t\t\t<div class=\"elementor-widget-container\">\n\t\t\t\t\t\t\t<h3>\u00d6ffnungszeiten der Beratungsstelle im Familienzentrum Bezirk Affoltern<\/h3><p>Jeden Montag, \u00a009.00-11.00 Uhr ohne Anmeldung.<\/p><h3>Ort<\/h3><p>Familienzentrum Bezirk Affoltern, EG<\/p><h3>Kosten<\/h3><p>Keine<\/p><h3>Mitbringen<\/h3><p>Bitte bringen Sie Folgendes in die Beratung mit:<br \/>\u2013 Gesundheitsheft<br \/>\u2013 Wickelunterlage<br \/>\u2013 Windeln<\/p><h3>Informationen f\u00fcr alle Gemeinden in Bezirk Affoltern<\/h3><p>Miriam Riser\u00a0<a href=\"mailto:miriam.riser@ajb.zh.ch\">miriam.riser@ajb.zh.ch<\/a><\/p><p>Telefon f\u00fcr allgemeine Fragen und Termin abfragen: <br \/><a href=\"tel:043 259 93 33\">043 259 93 33<\/a><\/p>\t\t\t\t\t\t<\/div>\n\t\t\t\t<\/div>\n\t\t\t\t<div class=\"elementor-element elementor-element-3df6ff9 elementor-widget elementor-widget-image\" data-id=\"3df6ff9\" data-element_type=\"widget\" data-widget_type=\"image.default\">\n\t\t\t\t<div class=\"elementor-widget-container\">\n\t\t\t\t\t\t\t\t\t\t\t\t\t<img decoding=\"async\" width=\"300\" height=\"300\" src=\"https:\/\/recursing-nash.185-101-158-178.plesk.page\/wp-content\/uploads\/2021\/09\/QR_kjz_affoltern-Muetter-und-Vaeterberatung.png\" class=\"attachment-medium_large size-medium_large wp-image-14286\" alt=\"QR_kjz_affoltern M\u00fctter- und V\u00e4terberatung\" srcset=\"https:\/\/recursing-nash.185-101-158-178.plesk.page\/wp-content\/uploads\/2021\/09\/QR_kjz_affoltern-Muetter-und-Vaeterberatung.png 300w, https:\/\/recursing-nash.185-101-158-178.plesk.page\/wp-content\/uploads\/2021\/09\/QR_kjz_affoltern-Muetter-und-Vaeterberatung-150x150.png 150w\" sizes=\"(max-width: 300px) 100vw, 300px\" \/>\t\t\t\t\t\t\t\t\t\t\t\t\t<\/div>\n\t\t\t\t<\/div>\n\t\t\t\t\t<\/div>\n\t\t<\/div>\n\t\t\t\t\t<\/div>\n\t\t<\/section>\n\t\t\t\t<\/div>\n\t\t","protected":false},"excerpt":{"rendered":"<p>Die Kinder- und Jugendhilfezentren (kjz) beraten Eltern bei Fragen zur Erziehung ihrer Kinder und zum Familienalltag.\u00a0Das Beratungsangebot umfasst eine Vielfalt an Themen, die Familien mit Kindern von 0 bis 18 Jahren besch\u00e4ftigen. Die Beratungsstelle kjz Bezirk Affoltern befindet sich in den R\u00e4umlichkeiten des Familienzentrums Bezirk Affoltern, ist aber kein Angebot des Familienzentrums. F\u00fcr mehr Information [&hellip;]<\/p>\n","protected":false},"author":1,"featured_media":14283,"parent":21,"menu_order":28,"comment_status":"closed","ping_status":"closed","template":"","meta":{"footnotes":""},"class_list":["post-7468","page","type-page","status-publish","has-post-thumbnail","hentry"],"_links":{"self":[{"href":"https:\/\/recursing-nash.185-101-158-178.plesk.page\/index.php\/wp-json\/wp\/v2\/pages\/7468","targetHints":{"allow":["GET"]}}],"collection":[{"href":"https:\/\/recursing-nash.185-101-158-178.plesk.page\/index.php\/wp-json\/wp\/v2\/pages"}],"about":[{"href":"https:\/\/recursing-nash.185-101-158-178.plesk.page\/index.php\/wp-json\/wp\/v2\/types\/page"}],"author":[{"embeddable":true,"href":"https:\/\/recursing-nash.185-101-158-178.plesk.page\/index.php\/wp-json\/wp\/v2\/users\/1"}],"replies":[{"embeddable":true,"href":"https:\/\/recursing-nash.185-101-158-178.plesk.page\/index.php\/wp-json\/wp\/v2\/comments?post=7468"}],"version-history":[{"count":0,"href":"https:\/\/recursing-nash.185-101-158-178.plesk.page\/index.php\/wp-json\/wp\/v2\/pages\/7468\/revisions"}],"up":[{"embeddable":true,"href":"https:\/\/recursing-nash.185-101-158-178.plesk.page\/index.php\/wp-json\/wp\/v2\/pages\/21"}],"wp:featuredmedia":[{"embeddable":true,"href":"https:\/\/recursing-nash.185-101-158-178.plesk.page\/index.php\/wp-json\/wp\/v2\/media\/14283"}],"wp:attachment":[{"href":"https:\/\/recursing-nash.185-101-158-178.plesk.page\/index.php\/wp-json\/wp\/v2\/media?parent=7468"}],"curies":[{"name":"wp","href":"https:\/\/api.w.org\/{rel}","templated":true}]}}